{"id":205,"date":"2024-08-26T17:41:25","date_gmt":"2024-08-26T15:41:25","guid":{"rendered":"https:\/\/www.cabinetdesblesdor.be\/index.php\/mesmerize\/"},"modified":"2025-11-21T15:54:15","modified_gmt":"2025-11-21T14:54:15","slug":"mesmerize","status":"publish","type":"page","link":"https:\/\/www.cabinetdesblesdor.be\/","title":{"rendered":"Cabinet M\u00e9dical"},"content":{"rendered":"<div  data-label=\"Info\" data-id=\"overlappable--1\" data-export-id=\"overlappable-4\" data-category=\"overlappable\" class=\"overlappable-4 content-section content-section-spacing\" data-overlap=\"true\" id=\"info\" style=\"background-color: rgb(255, 255, 255);\"><div  class=\"gridContainer\"> <div  data-type=\"row\" class=\"row spaced-cols text-center\"><div  class=\"col-xs-12 col-sm-4 col-padding\"> <i  class=\"fa icon shadow-large-black aligncenter color1 fa-clock-o reverse round large\"><\/i> <div  data-type=\"column\" class=\"\"> <h5  class=\"\">Nos horaires&nbsp;\n<br >Uniquement sous rendez-vous<\/h5> <p  class=\"\">Lundi&nbsp; &nbsp; &nbsp; &nbsp; &nbsp;8:30 \u2013 18:00\n<br >Mardi&nbsp; &nbsp; &nbsp; &nbsp; 8:30 \u2013 18:00\n<br >Mercredi&nbsp; 8:30 \u2013 18:00<br >\nJeudi&nbsp; &nbsp; &nbsp; &nbsp; &nbsp; 8:30 \u2013 18:00<br >Vendredi&nbsp; &nbsp; 8:30 \u2013 18:00<\/p><\/div> <\/div> <div  class=\"col-xs-12 col-sm-4 col-padding\"> <a  data-cp-link=\"1\" href=\"https:\/\/maps.app.goo.gl\/TsBBrWCYUYs3R6hT6\" target=\"_self\" rel=\"noopener\" class=\"\"><i  class=\"fa icon shadow-large-black aligncenter color1 fa-map-signs reverse round large\"><\/i><\/a> <div  data-type=\"column\" class=\"\"><h5  class=\"\">Notre Adresse&nbsp;<\/h5> <p  class=\"\">Adresse: Av. des Bl\u00e9s d\u2019Or 23<br ><br > Ville: waterloo<br >Pays: Belgique<\/p><a  data-cp-link=\"1\" href=\"https:\/\/maps.app.goo.gl\/TsBBrWCYUYs3R6hT6\" class=\"\" target=\"_self\" rel=\"noopener\"><img  decoding=\"async\" class=\"custom-image\" src=\"https:\/\/www.cabinetdesblesdor.be\/wp-content\/uploads\/2024\/08\/cropped-cropped-cropped-itineraire-2.png\" title=\"itineraire-300x300\" alt=\"\"><\/a><\/div> <\/div> <div  class=\"col-xs-12 col-sm-4 col-padding\"> <i  class=\"fa icon shadow-large-black aligncenter color1 fa-calendar reverse round large\"><\/i> <div  data-type=\"column\" class=\"\"><h5  class=\"\">Rendez-vous&nbsp;<\/h5> <p  class=\"\">Pour la prise de rdv , merci de contacter le secr\u00e9tariat au<br >merci de contacter le secr\u00e9tariat au&nbsp;&nbsp;+3223541672<br >ou en ligne&nbsp;\n<\/p><a  data-cp-link=\"1\" href=\"https:\/\/www.rdvmedical.be\/cabinet\/all\/all\/cabinet-des-bles-dor\" class=\"\" target=\"_self\" rel=\"noopener\"><img  decoding=\"async\" class=\"custom-image\" src=\"https:\/\/www.cabinetdesblesdor.be\/wp-content\/uploads\/2024\/08\/cropped-Rdvmedical.be_.png\" title=\"Rdvmedical.be\" alt=\"\"><\/a><\/div> <\/div><\/div> <\/div><\/div><div  id=\"notre-equipe\" style=\"background-color: #ffffff;\" data-label=\"Notre equipe\" data-id=\"team-2\" data-export-id=\"team-2\" data-category=\"team\" class=\"team-2 content-section content-section-spacing\"><div  class=\"gridContainer\"> <div  class=\"row text-center\"><div  class=\"section-title-col\" data-type=\"column\"> <h2  class=\"\">Notre Equipe&nbsp;<\/h2> <\/div> <\/div> <div  class=\"row spaced-cols content-center-sm\" data-type=\"row\"> <div  class=\"col-sm-6 col-md-3\"> <div  class=\"card y-move no-padding bordered\"> <a  data-cp-link=\"1\" href=\"https:\/\/www.rdvmedical.be\/doctor\/belgium\/waterloo\/medecine-generale\/soltana-noura\" target=\"_self\" rel=\"noopener\" class=\"\"><img  decoding=\"async\" class=\"face\" src=\"https:\/\/www.cabinetdesblesdor.be\/wp-content\/uploads\/2024\/08\/cropped-cropped-Noura-soltana-1.jpeg\"><\/a> <div  data-type=\"column\" class=\"col-padding-small col-padding-small-xs description-container\"> <h4  class=\"font-500\">Dre. SOLTANA Noura<\/h4>  <h3  class=\"LC20lb MBeuO DKV0Md\" style=\"font-weight: 400; margin: 18px 0px 3px; padding-top: 5px; font-size: 20px; line-height: 1.3; font-family: Arial, sans-serif; display: inline-block;\">M\u00e9decine g\u00e9n\u00e9rale<\/h3><div  class=\"social-icons-group\" data-type=\"group\"> <a  href=\"https:\/\/www.rdvmedical.be\/doctor\/belgium\/waterloo\/medecine-generale\/soltana-noura\" target=\"_self\" rel=\"noopener\" class=\"\"><i  class=\"gray fa icon fa-calendar\"><\/i><\/a> <a  href=\"#\" target=\"_self\" data-reiki-hidden=\"true\" rel=\"noopener\"><i  class=\"gray fa icon fa-twitter-square\"><\/i><\/a> <a  href=\"#\" target=\"_self\" data-reiki-hidden=\"true\" rel=\"noopener\"><i  class=\"gray fa icon fa-linkedin-square\"><\/i><\/a> <a  href=\"#\" target=\"_self\" data-reiki-hidden=\"true\" rel=\"noopener\"><i  class=\"gray fa icon fa-google-plus-square\"><\/i><\/a><\/div> <\/div><\/div> <\/div>       <div  class=\"col-sm-6 col-md-3\"> <div  class=\"card y-move no-padding bordered\"> <a  data-cp-link=\"1\" href=\"https:\/\/www.rdvmedical.be\/doctor\/belgium\/waterloo\/medecine-generale\/jungers-geraldine\" target=\"_self\" rel=\"noopener\" class=\"\"><img  decoding=\"async\" class=\"face\" src=\"https:\/\/www.cabinetdesblesdor.be\/wp-content\/uploads\/2025\/10\/cropped-cropped-Dre.-KAMMOGNE-Ide.jpg\"><\/a> <div  data-type=\"column\" class=\"col-padding-small col-padding-small-xs description-container\"> <h4  class=\"font-500\">Dre. JUNGERS Geraldine<\/h4>  <h3  class=\"LC20lb MBeuO DKV0Md\" style=\"font-weight: 400; margin: 18px 0px 3px; padding-top: 5px; font-size: 20px; line-height: 1.3; font-family: Arial, sans-serif; display: inline-block;\">M\u00e9decine g\u00e9n\u00e9rale<\/h3><div  class=\"social-icons-group\" data-type=\"group\"> <a  href=\"https:\/\/www.rdvmedical.be\/doctor\/belgium\/waterloo\/medecine-generale\/jungers-geraldine\" target=\"_self\" rel=\"noopener\" class=\"\"><i  class=\"gray fa icon fa-calendar\"><\/i><\/a> <a  href=\"#\" target=\"_self\" data-reiki-hidden=\"true\" rel=\"noopener\"><i  class=\"gray fa icon fa-twitter-square\"><\/i><\/a> <a  href=\"#\" target=\"_self\" data-reiki-hidden=\"true\" rel=\"noopener\"><i  class=\"gray fa icon fa-linkedin-square\"><\/i><\/a> <a  href=\"#\" target=\"_self\" data-reiki-hidden=\"true\" rel=\"noopener\"><i  class=\"gray fa icon fa-google-plus-square\"><\/i><\/a><\/div> <\/div><\/div> <\/div><div  class=\"col-sm-6 col-md-3\"> <div  class=\"card y-move no-padding bordered\"> <a  data-cp-link=\"1\" href=\"https:\/\/www.rdvmedical.be\/doctor\/belgium\/waterloo\/medecine-generale\/soltana-noura\" target=\"_self\" rel=\"noopener\" class=\"\"><img  decoding=\"async\" class=\"face\" src=\"https:\/\/www.cabinetdesblesdor.be\/wp-content\/uploads\/2025\/10\/cropped-Dre-DELFOSSE-Amandine-.jpg\"><\/a> <div  data-type=\"column\" class=\"col-padding-small col-padding-small-xs description-container\"> <h4  class=\"font-500\">Dre DELFOSSE Amandine&nbsp;<\/h4>  <h3  class=\"LC20lb MBeuO DKV0Md\" style=\"font-weight: 400; margin: 18px 0px 3px; padding-top: 5px; font-size: 20px; line-height: 1.3; font-family: Arial, sans-serif; display: inline-block;\">M\u00e9decine g\u00e9n\u00e9rale<\/h3><div  class=\"social-icons-group\" data-type=\"group\"> <a  href=\"https:\/\/www.rdvmedical.be\/doctor\/belgique\/waterloo-1410\/medecine-generale\/delfosse-amandine\" target=\"_self\" rel=\"noopener\" class=\"\"><i  class=\"gray fa icon fa-calendar\"><\/i><\/a> <a  href=\"#\" target=\"_self\" data-reiki-hidden=\"true\" rel=\"noopener\"><i  class=\"gray fa icon fa-twitter-square\"><\/i><\/a> <a  href=\"#\" target=\"_self\" data-reiki-hidden=\"true\" rel=\"noopener\"><i  class=\"gray fa icon fa-linkedin-square\"><\/i><\/a> <a  href=\"#\" target=\"_self\" data-reiki-hidden=\"true\" rel=\"noopener\"><i  class=\"gray fa icon fa-google-plus-square\"><\/i><\/a><\/div> <\/div><\/div> <\/div><div  class=\"col-sm-6 col-md-3\"> <div  class=\"card y-move no-padding bordered\"> <a  data-cp-link=\"1\" href=\"https:\/\/www.rdvmedical.be\/doctor\/belgium\/waterloo\/medecine-generale\/roth-michel\" target=\"_self\" rel=\"noopener\" class=\"\"><img  decoding=\"async\" class=\"face\" src=\"https:\/\/www.cabinetdesblesdor.be\/wp-content\/uploads\/2024\/08\/cropped-cropped-Dr-Charles.jpg\"><\/a> <div  data-type=\"column\" class=\"col-padding-small col-padding-small-xs description-container\"> <h4  class=\"font-500\">Dr. CHARLES ROLAND<\/h4>  <h3  class=\"LC20lb MBeuO DKV0Md\" style=\"font-weight: 400; margin: 18px 0px 3px; padding-top: 5px; font-size: 20px; line-height: 1.3; font-family: Arial, sans-serif; display: inline-block;\">M\u00e9decine g\u00e9n\u00e9rale<\/h3><div  class=\"social-icons-group\" data-type=\"group\"> <a  href=\"https:\/\/www.rdvmedical.be\/doctor\/belgium\/waterloo\/medecine-generale\/roth-michel\" target=\"_self\" rel=\"noopener\" class=\"\"><i  class=\"gray fa icon fa-calendar\"><\/i><\/a> <a  href=\"#\" target=\"_self\" data-reiki-hidden=\"true\" rel=\"noopener\"><i  class=\"gray fa icon fa-twitter-square\"><\/i><\/a> <a  href=\"#\" target=\"_self\" data-reiki-hidden=\"true\" rel=\"noopener\"><i  class=\"gray fa icon fa-linkedin-square\"><\/i><\/a> <a  href=\"#\" target=\"_self\" data-reiki-hidden=\"true\" rel=\"noopener\"><i  class=\"gray fa icon fa-google-plus-square\"><\/i><\/a><\/div> <\/div><\/div> <\/div><div  class=\"col-sm-6 col-md-3\"> <div  class=\"card y-move no-padding bordered\"> <a  data-cp-link=\"1\" href=\"https:\/\/www.rdvmedical.be\/doctor\/belgium\/waterloo\/medecine-generale\/dumouch-francois-xavier\" target=\"_self\" rel=\"noopener\" class=\"\"><img  decoding=\"async\" class=\"face\" src=\"https:\/\/www.cabinetdesblesdor.be\/wp-content\/uploads\/2025\/10\/cropped-Dr-Dumouch-Francois-Xavier-1.jpg\"><\/a> <div  data-type=\"column\" class=\"col-padding-small col-padding-small-xs description-container\"> <h4  class=\"font-500\">Dr Dumouch Fran\u00e7ois-Xavier<\/h4>  <h3  class=\"LC20lb MBeuO DKV0Md\" style=\"font-weight: 400; margin: 18px 0px 3px; padding-top: 5px; font-size: 20px; line-height: 1.3; font-family: Arial, sans-serif; display: inline-block;\">M\u00e9decine g\u00e9n\u00e9rale<\/h3><div  class=\"social-icons-group\" data-type=\"group\"> <a  href=\"https:\/\/www.rdvmedical.be\/doctor\/belgium\/waterloo\/medecine-generale\/dumouch-francois-xavier\" target=\"_self\" rel=\"noopener\" class=\"\"><i  class=\"gray fa icon fa-calendar\"><\/i><\/a> <a  href=\"#\" target=\"_self\" data-reiki-hidden=\"true\" rel=\"noopener\"><i  class=\"gray fa icon fa-twitter-square\"><\/i><\/a> <a  href=\"#\" target=\"_self\" data-reiki-hidden=\"true\" rel=\"noopener\"><i  class=\"gray fa icon fa-linkedin-square\"><\/i><\/a> <a  href=\"#\" target=\"_self\" data-reiki-hidden=\"true\" rel=\"noopener\"><i  class=\"gray fa icon fa-google-plus-square\"><\/i><\/a><\/div> <\/div><\/div> <\/div><\/div> <\/div><\/div>","protected":false},"excerpt":{"rendered":"<p>Nos horaires&nbsp; Uniquement sous rendez-vous Lundi&nbsp; &nbsp; &nbsp; &nbsp; &nbsp;8:30 \u2013 18:00 Mardi&nbsp; &nbsp; &nbsp; &nbsp; 8:30 \u2013 18:00 Mercredi&nbsp; 8:30 \u2013 18:00 Jeudi&nbsp; &nbsp; &nbsp; &nbsp; &nbsp; 8:30 \u2013 18:00Vendredi&nbsp; &nbsp; 8:30 \u2013 18:00 Notre Adresse&nbsp; Adresse: Av. des Bl\u00e9s d\u2019Or 23 Ville: waterlooPays: Belgique Rendez-vous&nbsp; Pour la prise de rdv , merci de&hellip; <br \/> <a class=\"read-more\" href=\"https:\/\/www.cabinetdesblesdor.be\/\">Lire la suite<\/a><\/p>\n","protected":false},"author":1,"featured_media":0,"parent":0,"menu_order":0,"comment_status":"closed","ping_status":"closed","template":"page-templates\/homepage.php","meta":{"footnotes":""},"class_list":["post-205","page","type-page","status-publish","hentry"],"_links":{"self":[{"href":"https:\/\/www.cabinetdesblesdor.be\/index.php\/wp-json\/wp\/v2\/pages\/205","targetHints":{"allow":["GET"]}}],"collection":[{"href":"https:\/\/www.cabinetdesblesdor.be\/index.php\/wp-json\/wp\/v2\/pages"}],"about":[{"href":"https:\/\/www.cabinetdesblesdor.be\/index.php\/wp-json\/wp\/v2\/types\/page"}],"author":[{"embeddable":true,"href":"https:\/\/www.cabinetdesblesdor.be\/index.php\/wp-json\/wp\/v2\/users\/1"}],"replies":[{"embeddable":true,"href":"https:\/\/www.cabinetdesblesdor.be\/index.php\/wp-json\/wp\/v2\/comments?post=205"}],"version-history":[{"count":33,"href":"https:\/\/www.cabinetdesblesdor.be\/index.php\/wp-json\/wp\/v2\/pages\/205\/revisions"}],"predecessor-version":[{"id":363,"href":"https:\/\/www.cabinetdesblesdor.be\/index.php\/wp-json\/wp\/v2\/pages\/205\/revisions\/363"}],"wp:attachment":[{"href":"https:\/\/www.cabinetdesblesdor.be\/index.php\/wp-json\/wp\/v2\/media?parent=205"}],"curies":[{"name":"wp","href":"https:\/\/api.w.org\/{rel}","templated":true}]}}